{"id":5747,"date":"2024-01-11T18:57:56","date_gmt":"2024-01-11T17:57:56","guid":{"rendered":"https:\/\/www.olcgs.org\/?page_id=5747"},"modified":"2024-04-06T13:01:55","modified_gmt":"2024-04-06T11:01:55","slug":"aguchita","status":"publish","type":"page","link":"https:\/\/www.olcgs.org\/es\/our-saints-and-blessed\/aguchita\/","title":{"rendered":"Aguchita"},"content":{"rendered":"<div data-elementor-type=\"wp-page\" data-elementor-id=\"5747\" class=\"elementor elementor-5747\" data-elementor-post-type=\"page\">\n\t\t\t\t<div class=\"elementor-element elementor-element-91dbb51 e-flex e-con-boxed e-con e-parent\" data-id=\"91dbb51\" data-element_type=\"container\" data-e-type=\"container\" data-settings=\"{&quot;jet_parallax_layout_list&quot;:[],&quot;background_background&quot;:&quot;classic&quot;}\">\n\t\t\t\t\t<div class=\"e-con-inner\">\n\t\t\t\t<div class=\"elementor-element elementor-element-cdd2c86 elementor-invisible elementor-widget elementor-widget-heading\" data-id=\"cdd2c86\" data-element_type=\"widget\" data-e-type=\"widget\" data-settings=\"{&quot;_animation&quot;:&quot;fadeInDown&quot;}\" data-widget_type=\"heading.default\">\n\t\t\t\t<div class=\"elementor-widget-container\">\n\t\t\t\t\t<h2 class=\"elementor-heading-title elementor-size-default\">Beata Aguchita<\/h2>\t\t\t\t<\/div>\n\t\t\t\t<\/div>\n\t\t\t\t<div class=\"elementor-element elementor-element-19bf56e elementor-invisible elementor-widget elementor-widget-jet-breadcrumbs\" data-id=\"19bf56e\" data-element_type=\"widget\" data-e-type=\"widget\" data-settings=\"{&quot;_animation&quot;:&quot;fadeIn&quot;,&quot;_animation_delay&quot;:900}\" data-widget_type=\"jet-breadcrumbs.default\">\n\t\t\t\t<div class=\"elementor-widget-container\">\n\t\t\t\t\t<div class=\"elementor-jet-breadcrumbs jet-blocks\">\n\t\t<div class=\"jet-breadcrumbs\">\n\t\t<div class=\"jet-breadcrumbs__content\">\n\t\t<div class=\"jet-breadcrumbs__wrap\"><div class=\"jet-breadcrumbs__item\"><a href=\"https:\/\/www.olcgs.org\/es\/\" class=\"jet-breadcrumbs__item-link is-home\" rel=\"home\" title=\"Inicio\">Inicio<\/a><\/div>\n\t\t<\/div>\n\t\t<\/div>\n\t\t<\/div><\/div>\t\t\t\t<\/div>\n\t\t\t\t<\/div>\n\t\t\t\t\t<\/div>\n\t\t\t\t<\/div>\n\t\t<div class=\"elementor-element elementor-element-080b405 e-flex e-con-boxed elementor-invisible e-con e-parent\" data-id=\"080b405\" data-element_type=\"container\" data-e-type=\"container\" data-settings=\"{&quot;jet_parallax_layout_list&quot;:[],&quot;animation&quot;:&quot;fadeInUp&quot;}\">\n\t\t\t\t\t<div class=\"e-con-inner\">\n\t\t<div class=\"elementor-element elementor-element-f7a5aac e-con-full e-flex e-con e-child\" data-id=\"f7a5aac\" data-element_type=\"container\" data-e-type=\"container\" data-settings=\"{&quot;jet_parallax_layout_list&quot;:[]}\">\n\t\t\t\t<div class=\"elementor-element elementor-element-8740d41 elementor-widget elementor-widget-heading\" data-id=\"8740d41\" data-element_type=\"widget\" data-e-type=\"widget\" data-widget_type=\"heading.default\">\n\t\t\t\t<div class=\"elementor-widget-container\">\n\t\t\t\t\t<h2 class=\"elementor-heading-title elementor-size-default\">Una m\u00e1rtir de la misericordia<\/h2>\t\t\t\t<\/div>\n\t\t\t\t<\/div>\n\t\t\t\t<div class=\"elementor-element elementor-element-9f724f3 elementor-widget elementor-widget-text-editor\" data-id=\"9f724f3\" data-element_type=\"widget\" data-e-type=\"widget\" data-widget_type=\"text-editor.default\">\n\t\t\t\t<div class=\"elementor-widget-container\">\n\t\t\t\t\t\t\t\t\t<div class=\"page\" title=\"Page 3\"><div class=\"section\"><div class=\"layoutArea\"><div class=\"column\"><p>Antonia Luzmila Rivas L\u00f3pez, conocida cari\u00f1osamente en la vida religiosa como \"Aguchita\", naci\u00f3 el 13 de junio de 1920 en Coracora (Per\u00fa). A los 14 a\u00f1os, se traslad\u00f3 a Lima para estudiar en el Colegio Sevilla, regentado por las Hermanas de Nuestra Se\u00f1ora de la Caridad del Buen Pastor. Atra\u00edda por la misi\u00f3n de las hermanas, ingres\u00f3 en la Congregaci\u00f3n en 1941, donde emiti\u00f3 su profesi\u00f3n religiosa temporal el 8 de febrero de 1945 y su profesi\u00f3n perpetua el 8 de febrero de 1949.<\/p><p>Vivi\u00f3 en Lima hasta 1988, desempe\u00f1ando diversos servicios que inclu\u00edan la ense\u00f1anza en la escuela de Nuestra Se\u00f1ora de la Caridad del Buen Pastor y el trabajo con ni\u00f1os desamparados y abandonados en situaci\u00f3n de riesgo.<\/p><p>Durante toda su vida, Aguchita so\u00f1\u00f3 con servir a la gente de la selva amaz\u00f3nica y finalmente hizo realidad ese sue\u00f1o cuando fue enviada a La Florida. All\u00ed dirigi\u00f3 una misi\u00f3n centrada especialmente en el apoyo a las mujeres y las comunidades ind\u00edgenas locales. Sin embargo, a finales de la d\u00e9cada de 1980, la violencia se apoder\u00f3 de la regi\u00f3n amaz\u00f3nica central de Per\u00fa, a manos de la guerrilla de Sendero Luminoso. A pesar del creciente peligro, la Congregaci\u00f3n mantuvo su presencia a trav\u00e9s de su misi\u00f3n de llevar a cabo programas de salud, educaci\u00f3n, nutrici\u00f3n, alfabetizaci\u00f3n, artesan\u00eda y catequesis familiar.<\/p><p>Al principio, los habitantes de La Florida apoyaron a los terroristas, esperando una mejora de las condiciones de vida, pero pronto se distanciaron debido a la violencia y al clima de terror que se hab\u00eda instaurado. Aguchita cumpli\u00f3 su misi\u00f3n en el pueblo y vio en este nuevo destino una oportunidad m\u00e1s de estar con los pobres.<\/p><p>Estaba decidida a permanecer cerca de la poblaci\u00f3n local. Tr\u00e1gicamente, el 27 de septiembre de 1990, un grupo armado de Sendero Luminoso asalt\u00f3 La Florida, captur\u00f3 a algunos ciudadanos y los llev\u00f3 a la plaza principal. Al no encontrar a la superiora de la comunidad del convento, los rebeldes mantuvieron cautiva a Aguchita y la llevaron a la plaza principal con los dem\u00e1s, donde la mataron a tiros a ella y a los dem\u00e1s.<\/p><p>Los rebeldes la acusaron de ser una pacificadora que, con sus obras de caridad y su actividad educativa, hab\u00eda desviado a los j\u00f3venes de la insurrecci\u00f3n armada. Por miedo, los cuerpos de Aguchita y las dem\u00e1s v\u00edctimas permanecieron intactos en la plaza toda la noche hasta que fueron enterrados al d\u00eda siguiente.<\/p><p>En 2018, la Congregaci\u00f3n traslad\u00f3 sus restos desde Lima a La Florida, donde ella hab\u00eda dicho que siempre quiso permanecer, incluso despu\u00e9s de muerta. Las ceremonias fueron solemnes, reverentes y conmovedoras, con la asistencia de varios cientos de ciudadanos de los alrededores.<\/p><p>Fue beatificada en La Florida, Per\u00fa, el 7 de mayo de 2022.<\/p><\/div><\/div><\/div><\/div>\t\t\t\t\t\t\t\t<\/div>\n\t\t\t\t<\/div>\n\t\t\t\t<\/div>\n\t\t<div class=\"elementor-element elementor-element-81df597 e-con-full e-flex e-con e-child\" data-id=\"81df597\" data-element_type=\"container\" data-e-type=\"container\" data-settings=\"{&quot;jet_parallax_layout_list&quot;:[]}\">\n\t\t\t\t<div class=\"elementor-element elementor-element-d3b5568 elementor-widget elementor-widget-image\" data-id=\"d3b5568\" data-element_type=\"widget\" data-e-type=\"widget\" data-widget_type=\"image.default\">\n\t\t\t\t<div class=\"elementor-widget-container\">\n\t\t\t\t\t\t\t\t\t\t\t\t\t\t\t<img fetchpriority=\"high\" decoding=\"async\" width=\"580\" height=\"330\" src=\"https:\/\/www.olcgs.org\/wp-content\/uploads\/2024\/01\/Aguchita-Two.jpg\" class=\"attachment-large size-large wp-image-6597\" alt=\"\" srcset=\"https:\/\/www.olcgs.org\/wp-content\/uploads\/2024\/01\/Aguchita-Two.jpg 580w, https:\/\/www.olcgs.org\/wp-content\/uploads\/2024\/01\/Aguchita-Two-300x171.jpg 300w, https:\/\/www.olcgs.org\/wp-content\/uploads\/2024\/01\/Aguchita-Two-18x10.jpg 18w\" sizes=\"(max-width: 580px) 100vw, 580px\" \/>\t\t\t\t\t\t\t\t\t\t\t\t\t\t\t<\/div>\n\t\t\t\t<\/div>\n\t\t\t\t<\/div>\n\t\t\t\t\t<\/div>\n\t\t\t\t<\/div>\n\t\t\t\t<\/div>","protected":false},"excerpt":{"rendered":"<p>Blessed Aguchita Home A martyr of mercy Antonia Luzmila Rivas L\u00f3pez, known affectionately in religious life as \u2018Aguchita\u2019, was born on June 13, 1920, in Coracora, Peru. At the age of 14, she moved to Lima to study at Sevilla College, run by the Sisters of Our Lady of Charity of the Good Shepherd. Attracted [&hellip;]<\/p>\n","protected":false},"author":1,"featured_media":0,"parent":3168,"menu_order":0,"comment_status":"closed","ping_status":"closed","template":"elementor_header_footer","meta":{"footnotes":""},"class_list":["post-5747","page","type-page","status-publish","hentry"],"_links":{"self":[{"href":"https:\/\/www.olcgs.org\/es\/wp-json\/wp\/v2\/pages\/5747","targetHints":{"allow":["GET"]}}],"collection":[{"href":"https:\/\/www.olcgs.org\/es\/wp-json\/wp\/v2\/pages"}],"about":[{"href":"https:\/\/www.olcgs.org\/es\/wp-json\/wp\/v2\/types\/page"}],"author":[{"embeddable":true,"href":"https:\/\/www.olcgs.org\/es\/wp-json\/wp\/v2\/users\/1"}],"replies":[{"embeddable":true,"href":"https:\/\/www.olcgs.org\/es\/wp-json\/wp\/v2\/comments?post=5747"}],"version-history":[{"count":26,"href":"https:\/\/www.olcgs.org\/es\/wp-json\/wp\/v2\/pages\/5747\/revisions"}],"predecessor-version":[{"id":7614,"href":"https:\/\/www.olcgs.org\/es\/wp-json\/wp\/v2\/pages\/5747\/revisions\/7614"}],"up":[{"embeddable":true,"href":"https:\/\/www.olcgs.org\/es\/wp-json\/wp\/v2\/pages\/3168"}],"wp:attachment":[{"href":"https:\/\/www.olcgs.org\/es\/wp-json\/wp\/v2\/media?parent=5747"}],"curies":[{"name":"wp","href":"https:\/\/api.w.org\/{rel}","templated":true}]}}