{"id":3168,"date":"2023-12-03T14:44:54","date_gmt":"2023-12-03T13:44:54","guid":{"rendered":"https:\/\/www.olcgs.org\/?page_id=3168"},"modified":"2024-04-23T22:52:55","modified_gmt":"2024-04-23T20:52:55","slug":"our-saints-and-blessed","status":"publish","type":"page","link":"https:\/\/www.olcgs.org\/fr\/our-saints-and-blessed\/","title":{"rendered":"Des vies qui inspirent"},"content":{"rendered":"<div data-elementor-type=\"wp-page\" data-elementor-id=\"3168\" class=\"elementor elementor-3168\" data-elementor-post-type=\"page\">\n\t\t\t\t<div class=\"elementor-element elementor-element-08e63f9 e-flex e-con-boxed e-con e-parent\" data-id=\"08e63f9\" data-element_type=\"container\" data-e-type=\"container\" data-settings=\"{&quot;jet_parallax_layout_list&quot;:[],&quot;background_background&quot;:&quot;classic&quot;}\">\n\t\t\t\t\t<div class=\"e-con-inner\">\n\t\t\t\t<div class=\"elementor-element elementor-element-11189a0 elementor-invisible elementor-widget elementor-widget-heading\" data-id=\"11189a0\" data-element_type=\"widget\" data-e-type=\"widget\" data-settings=\"{&quot;_animation&quot;:&quot;fadeInDown&quot;}\" data-widget_type=\"heading.default\">\n\t\t\t\t<div class=\"elementor-widget-container\">\n\t\t\t\t\t<h2 class=\"elementor-heading-title elementor-size-default\">Des vies qui inspirent<\/h2>\t\t\t\t<\/div>\n\t\t\t\t<\/div>\n\t\t\t\t<div class=\"elementor-element elementor-element-85c8a13 elementor-invisible elementor-widget elementor-widget-jet-breadcrumbs\" data-id=\"85c8a13\" data-element_type=\"widget\" data-e-type=\"widget\" data-settings=\"{&quot;_animation&quot;:&quot;fadeIn&quot;,&quot;_animation_delay&quot;:900}\" data-widget_type=\"jet-breadcrumbs.default\">\n\t\t\t\t<div class=\"elementor-widget-container\">\n\t\t\t\t\t<div class=\"elementor-jet-breadcrumbs jet-blocks\">\n\t\t<div class=\"jet-breadcrumbs\">\n\t\t<div class=\"jet-breadcrumbs__content\">\n\t\t<div class=\"jet-breadcrumbs__wrap\"><div class=\"jet-breadcrumbs__item\"><a href=\"https:\/\/www.olcgs.org\/fr\/\" class=\"jet-breadcrumbs__item-link is-home\" rel=\"home\" title=\"Accueil\">Accueil<\/a><\/div>\n\t\t<\/div>\n\t\t<\/div>\n\t\t<\/div><\/div>\t\t\t\t<\/div>\n\t\t\t\t<\/div>\n\t\t\t\t\t<\/div>\n\t\t\t\t<\/div>\n\t\t<div class=\"elementor-element elementor-element-efcd6e4 e-flex e-con-boxed e-con e-parent\" data-id=\"efcd6e4\" data-element_type=\"container\" data-e-type=\"container\" data-settings=\"{&quot;jet_parallax_layout_list&quot;:[]}\">\n\t\t\t\t\t<div class=\"e-con-inner\">\n\t\t\t\t<div class=\"elementor-element elementor-element-c7e5312 elementor-widget elementor-widget-heading\" data-id=\"c7e5312\" data-element_type=\"widget\" data-e-type=\"widget\" data-widget_type=\"heading.default\">\n\t\t\t\t<div class=\"elementor-widget-container\">\n\t\t\t\t\t<h2 class=\"elementor-heading-title elementor-size-default\">Des vies de vertu et de compassion<\/h2>\t\t\t\t<\/div>\n\t\t\t\t<\/div>\n\t\t\t\t\t<\/div>\n\t\t\t\t<\/div>\n\t\t<div class=\"elementor-element elementor-element-399ab7c e-flex e-con-boxed e-con e-parent\" data-id=\"399ab7c\" data-element_type=\"container\" data-e-type=\"container\" data-settings=\"{&quot;jet_parallax_layout_list&quot;:[]}\">\n\t\t\t\t\t<div class=\"e-con-inner\">\n\t\t\t\t<div class=\"elementor-element elementor-element-cbaec52 elementor-widget-laptop__width-initial elementor-widget elementor-widget-text-editor\" data-id=\"cbaec52\" data-element_type=\"widget\" data-e-type=\"widget\" data-widget_type=\"text-editor.default\">\n\t\t\t\t<div class=\"elementor-widget-container\">\n\t\t\t\t\t\t\t\t\t<div class=\"page\" title=\"Page 3\"><div class=\"section\"><div class=\"layoutArea\"><div class=\"column\"><p>Pouss\u00e9s par l\u2019amour et la compassion \u00e0 agir et \u00e0 r\u00e9pondre aux probl\u00e8mes cruciaux et aux r\u00e9alit\u00e9s qui les entourent, ces femmes et ces hommes ont \u00e9t\u00e9, par leur service, le visage compatissant de Dieu pour tous.<\/p><\/div><\/div><\/div><\/div>\t\t\t\t\t\t\t\t<\/div>\n\t\t\t\t<\/div>\n\t\t\t\t\t<\/div>\n\t\t\t\t<\/div>\n\t\t<div class=\"elementor-element elementor-element-7df184a e-flex e-con-boxed e-con e-parent\" data-id=\"7df184a\" data-element_type=\"container\" data-e-type=\"container\" data-settings=\"{&quot;jet_parallax_layout_list&quot;:[]}\">\n\t\t\t\t\t<div class=\"e-con-inner\">\n\t\t\t\t<div class=\"elementor-element elementor-element-cb25ac6 e-n-tabs-mobile elementor-widget elementor-widget-n-tabs\" data-id=\"cb25ac6\" data-element_type=\"widget\" data-e-type=\"widget\" data-settings=\"{&quot;tabs_justify_horizontal&quot;:&quot;start&quot;,&quot;tabs_justify_horizontal_mobile&quot;:&quot;start&quot;,&quot;horizontal_scroll&quot;:&quot;disable&quot;}\" data-widget_type=\"nested-tabs.default\">\n\t\t\t\t<div class=\"elementor-widget-container\">\n\t\t\t\t\t\t\t<div class=\"e-n-tabs\" data-widget-number=\"213015238\" aria-label=\"Tabs. Open items with Enter or Space, close with Escape and navigate using the Arrow keys.\">\n\t\t\t<div class=\"e-n-tabs-heading\" role=\"tablist\">\n\t\t\t\t\t<button id=\"e-n-tab-title-2130152381\" data-tab-title-id=\"e-n-tab-title-2130152381\" class=\"e-n-tab-title\" aria-selected=\"true\" data-tab-index=\"1\" role=\"tab\" tabindex=\"0\" aria-controls=\"e-n-tab-content-2130152381\" style=\"--n-tabs-title-order: 1;\">\n\t\t\t\t\t\t<span class=\"e-n-tab-title-text\">\n\t\t\t\tSt Jean Eudes\t\t\t<\/span>\n\t\t<\/button>\n\t\t\t\t<button id=\"e-n-tab-title-2130152382\" data-tab-title-id=\"e-n-tab-title-2130152382\" class=\"e-n-tab-title\" aria-selected=\"false\" data-tab-index=\"2\" role=\"tab\" tabindex=\"-1\" aria-controls=\"e-n-tab-content-2130152382\" style=\"--n-tabs-title-order: 2;\">\n\t\t\t\t\t\t<span class=\"e-n-tab-title-text\">\n\t\t\t\tSte Marie-Euphrasie Pelletier\t\t\t<\/span>\n\t\t<\/button>\n\t\t\t\t<button id=\"e-n-tab-title-2130152383\" data-tab-title-id=\"e-n-tab-title-2130152383\" class=\"e-n-tab-title\" aria-selected=\"false\" data-tab-index=\"3\" role=\"tab\" tabindex=\"-1\" aria-controls=\"e-n-tab-content-2130152383\" style=\"--n-tabs-title-order: 3;\">\n\t\t\t\t\t\t<span class=\"e-n-tab-title-text\">\n\t\t\t\tBse Maria Droste\t\t\t<\/span>\n\t\t<\/button>\n\t\t\t\t<button id=\"e-n-tab-title-2130152384\" data-tab-title-id=\"e-n-tab-title-2130152384\" class=\"e-n-tab-title\" aria-selected=\"false\" data-tab-index=\"4\" role=\"tab\" tabindex=\"-1\" aria-controls=\"e-n-tab-content-2130152384\" style=\"--n-tabs-title-order: 4;\">\n\t\t\t\t\t\t<span class=\"e-n-tab-title-text\">\n\t\t\t\tBse Marie-Th\u00e9r\u00e8se de Soubiran\t\t\t<\/span>\n\t\t<\/button>\n\t\t\t\t<button id=\"e-n-tab-title-2130152385\" data-tab-title-id=\"e-n-tab-title-2130152385\" class=\"e-n-tab-title\" aria-selected=\"false\" data-tab-index=\"5\" role=\"tab\" tabindex=\"-1\" aria-controls=\"e-n-tab-content-2130152385\" style=\"--n-tabs-title-order: 5;\">\n\t\t\t\t\t\t<span class=\"e-n-tab-title-text\">\n\t\t\t\tMar\u00eda Agustina Rivas L\u00f3pez \t\t\t<\/span>\n\t\t<\/button>\n\t\t\t\t\t<\/div>\n\t\t\t<div class=\"e-n-tabs-content\">\n\t\t\t\t<div id=\"e-n-tab-content-2130152381\" role=\"tabpanel\" aria-labelledby=\"e-n-tab-title-2130152381\" data-tab-index=\"1\" style=\"--n-tabs-title-order: 1;\" class=\"e-active elementor-element elementor-element-7010807 e-con-full e-flex e-con e-child\" data-id=\"7010807\" data-element_type=\"container\" data-e-type=\"container\" data-settings=\"{&quot;jet_parallax_layout_list&quot;:[]}\">\n\t\t<div class=\"elementor-element elementor-element-b44afb9 e-con-full e-flex e-con e-child\" data-id=\"b44afb9\" data-element_type=\"container\" data-e-type=\"container\" data-settings=\"{&quot;jet_parallax_layout_list&quot;:[]}\">\n\t\t<div class=\"elementor-element elementor-element-7b17d27 e-flex e-con-boxed e-con e-child\" data-id=\"7b17d27\" data-element_type=\"container\" data-e-type=\"container\" data-settings=\"{&quot;jet_parallax_layout_list&quot;:[]}\">\n\t\t\t\t\t<div class=\"e-con-inner\">\n\t\t<div class=\"elementor-element elementor-element-73686ad e-con-full e-flex e-con e-child\" data-id=\"73686ad\" data-element_type=\"container\" data-e-type=\"container\" data-settings=\"{&quot;jet_parallax_layout_list&quot;:[]}\">\n\t\t\t\t<div class=\"elementor-element elementor-element-f8afcf3 elementor-widget elementor-widget-image\" data-id=\"f8afcf3\" data-element_type=\"widget\" data-e-type=\"widget\" data-widget_type=\"image.default\">\n\t\t\t\t<div class=\"elementor-widget-container\">\n\t\t\t\t\t\t\t\t\t\t\t\t\t\t\t<img fetchpriority=\"high\" decoding=\"async\" width=\"436\" height=\"624\" src=\"https:\/\/www.olcgs.org\/wp-content\/uploads\/2023\/12\/JeanEudes.png\" class=\"attachment-large size-large wp-image-3140\" alt=\"\" srcset=\"https:\/\/www.olcgs.org\/wp-content\/uploads\/2023\/12\/JeanEudes.png 436w, https:\/\/www.olcgs.org\/wp-content\/uploads\/2023\/12\/JeanEudes-210x300.png 210w\" sizes=\"(max-width: 436px) 100vw, 436px\" \/>\t\t\t\t\t\t\t\t\t\t\t\t\t\t\t<\/div>\n\t\t\t\t<\/div>\n\t\t\t\t<\/div>\n\t\t<div class=\"elementor-element elementor-element-1a3f1fc e-flex e-con-boxed e-con e-child\" data-id=\"1a3f1fc\" data-element_type=\"container\" data-e-type=\"container\" data-settings=\"{&quot;jet_parallax_layout_list&quot;:[]}\">\n\t\t\t\t\t<div class=\"e-con-inner\">\n\t\t\t\t<div class=\"elementor-element elementor-element-2a38bf8 elementor-widget elementor-widget-heading\" data-id=\"2a38bf8\" data-element_type=\"widget\" data-e-type=\"widget\" data-widget_type=\"heading.default\">\n\t\t\t\t<div class=\"elementor-widget-container\">\n\t\t\t\t\t<h2 class=\"elementor-heading-title elementor-size-default\">Saint Jean Eudes \n(1601-1680)<\/h2>\t\t\t\t<\/div>\n\t\t\t\t<\/div>\n\t\t\t\t<div class=\"elementor-element elementor-element-6a0e446 elementor-widget-laptop__width-initial elementor-widget elementor-widget-text-editor\" data-id=\"6a0e446\" data-element_type=\"widget\" data-e-type=\"widget\" data-widget_type=\"text-editor.default\">\n\t\t\t\t<div class=\"elementor-widget-container\">\n\t\t\t\t\t\t\t\t\t<p>Saint Jean Eudes est le fondateur \u00e0 la fois de la Congr\u00e9gation de J\u00e9sus et de Marie, \u00e9galement connue sous le nom d'Eudistes, et de la Congr\u00e9gation de Notre-Dame de Charit\u00e9 du Refuge, d\u2019o\u00f9 est n\u00e9e Notre-Dame de Charit\u00e9 du Bon Pasteur. \u00c9crivain spirituel prolifique qui a r\u00e9dig\u00e9 le culte liturgique des Sacr\u00e9-C\u0153urs de J\u00e9sus et de Marie, saint Jean Eudes est l'auteur de nombreux livres qui se proposaient d'inspirer et de renforcer la foi.<\/p><p>N\u00e9 en France il a grandi \u00e0 une \u00e9poque d'opinions religieuses oppos\u00e9es et de graves probl\u00e8mes sociaux et politiques. Sa mission aupr\u00e8s des victimes de la peste l'a expos\u00e9 \u00e0 de grands risques pour sa propre vie. Son travail ult\u00e9rieur en tant que missionnaire fran\u00e7ais lui a valu la r\u00e9putation d'\u00eatre un pr\u00e9dicateur et un confesseur exceptionnel. C\u2019est par ce minist\u00e8re en diverses r\u00e9gions de France qu\u2019il a \u00e9t\u00e9 t\u00e9moin direct de la condition et des besoins d\u00e9sastreux des femmes en situation de prostitution \u2013 sa r\u00e9ponse unique \u00e0 la situation a grandement influenc\u00e9 l\u2019orientation de notre mission de r\u00e9conciliation et de mis\u00e9ricorde.<\/p><p>Il meurt \u00e0 Caen le 19 ao\u00fbt 1680, \u00e0 l'\u00e2ge de 79 ans, et est canonis\u00e9 par l'\u00c9glise le 31 mai 1925. Sa f\u00eate est le 19 ao\u00fbt.<\/p>\t\t\t\t\t\t\t\t<\/div>\n\t\t\t\t<\/div>\n\t\t\t\t<div class=\"elementor-element elementor-element-c272ddc elementor-widget elementor-widget-button\" data-id=\"c272ddc\" data-element_type=\"widget\" data-e-type=\"widget\" data-widget_type=\"button.default\">\n\t\t\t\t<div class=\"elementor-widget-container\">\n\t\t\t\t\t\t\t\t\t<div class=\"elementor-button-wrapper\">\n\t\t\t\t\t<a class=\"elementor-button elementor-button-link elementor-size-xs\" href=\"https:\/\/www.olcgs.org\/fr\/our-saints-and-blessed\/saint-john-eudes\/\">\n\t\t\t\t\t\t<span class=\"elementor-button-content-wrapper\">\n\t\t\t\t\t\t\t\t\t<span class=\"elementor-button-text\">Lire l\u2019histoire compl\u00e8te<\/span>\n\t\t\t\t\t<\/span>\n\t\t\t\t\t<\/a>\n\t\t\t\t<\/div>\n\t\t\t\t\t\t\t\t<\/div>\n\t\t\t\t<\/div>\n\t\t\t\t\t<\/div>\n\t\t\t\t<\/div>\n\t\t\t\t\t<\/div>\n\t\t\t\t<\/div>\n\t\t<div class=\"elementor-element elementor-element-97fdca0 e-flex e-con-boxed e-con e-child\" data-id=\"97fdca0\" data-element_type=\"container\" data-e-type=\"container\" data-settings=\"{&quot;jet_parallax_layout_list&quot;:[]}\">\n\t\t\t\t\t<div class=\"e-con-inner\">\n\t\t\t\t\t<\/div>\n\t\t\t\t<\/div>\n\t\t\t\t<\/div>\n\t\t\t\t<\/div>\n\t\t<div id=\"e-n-tab-content-2130152382\" role=\"tabpanel\" aria-labelledby=\"e-n-tab-title-2130152382\" data-tab-index=\"2\" style=\"--n-tabs-title-order: 2;\" class=\"elementor-element elementor-element-b66892f e-con-full e-flex e-con e-child\" data-id=\"b66892f\" data-element_type=\"container\" data-e-type=\"container\" data-settings=\"{&quot;jet_parallax_layout_list&quot;:[]}\">\n\t\t<div class=\"elementor-element elementor-element-66b8e6a e-con-full e-flex e-con e-child\" data-id=\"66b8e6a\" data-element_type=\"container\" data-e-type=\"container\" data-settings=\"{&quot;jet_parallax_layout_list&quot;:[]}\">\n\t\t<div class=\"elementor-element elementor-element-49b65f3 e-flex e-con-boxed e-con e-child\" data-id=\"49b65f3\" data-element_type=\"container\" data-e-type=\"container\" data-settings=\"{&quot;jet_parallax_layout_list&quot;:[]}\">\n\t\t\t\t\t<div class=\"e-con-inner\">\n\t\t<div class=\"elementor-element elementor-element-82f90f5 e-con-full e-flex e-con e-child\" data-id=\"82f90f5\" data-element_type=\"container\" data-e-type=\"container\" data-settings=\"{&quot;jet_parallax_layout_list&quot;:[]}\">\n\t\t\t\t<div class=\"elementor-element elementor-element-c95b597 elementor-widget-mobile__width-initial elementor-widget elementor-widget-image\" data-id=\"c95b597\" data-element_type=\"widget\" data-e-type=\"widget\" data-widget_type=\"image.default\">\n\t\t\t\t<div class=\"elementor-widget-container\">\n\t\t\t\t\t\t\t\t\t\t\t\t\t\t\t<img decoding=\"async\" width=\"320\" height=\"389\" src=\"https:\/\/www.olcgs.org\/wp-content\/uploads\/2023\/11\/Marie-Euphrasie_Pelletier.jpg\" class=\"attachment-large size-large wp-image-1216\" alt=\"\" srcset=\"https:\/\/www.olcgs.org\/wp-content\/uploads\/2023\/11\/Marie-Euphrasie_Pelletier.jpg 320w, https:\/\/www.olcgs.org\/wp-content\/uploads\/2023\/11\/Marie-Euphrasie_Pelletier-247x300.jpg 247w\" sizes=\"(max-width: 320px) 100vw, 320px\" \/>\t\t\t\t\t\t\t\t\t\t\t\t\t\t\t<\/div>\n\t\t\t\t<\/div>\n\t\t\t\t<\/div>\n\t\t<div class=\"elementor-element elementor-element-cb034ec e-flex e-con-boxed e-con e-child\" data-id=\"cb034ec\" data-element_type=\"container\" data-e-type=\"container\" data-settings=\"{&quot;jet_parallax_layout_list&quot;:[]}\">\n\t\t\t\t\t<div class=\"e-con-inner\">\n\t\t\t\t<div class=\"elementor-element elementor-element-03c057a elementor-widget elementor-widget-heading\" data-id=\"03c057a\" data-element_type=\"widget\" data-e-type=\"widget\" data-widget_type=\"heading.default\">\n\t\t\t\t<div class=\"elementor-widget-container\">\n\t\t\t\t\t<h2 class=\"elementor-heading-title elementor-size-default\">Sainte Marie-Euphrasie Pelletier<\/h2>\t\t\t\t<\/div>\n\t\t\t\t<\/div>\n\t\t\t\t<div class=\"elementor-element elementor-element-bdeabe8 elementor-widget-laptop__width-initial elementor-widget elementor-widget-text-editor\" data-id=\"bdeabe8\" data-element_type=\"widget\" data-e-type=\"widget\" data-widget_type=\"text-editor.default\">\n\t\t\t\t<div class=\"elementor-widget-container\">\n\t\t\t\t\t\t\t\t\t<p>Sainte Marie-Euphrasie est \u00e0 l\u2019origine de Notre-Dame de Charit\u00e9 du Bon Pasteur (NDCBP). La Congr\u00e9gation a ses racines dans Notre-Dame de Charit\u00e9 du Refuge, fond\u00e9e par saint Jean Eudes. Femme audacieuse et cr\u00e9ative, Sainte Marie-Euphrasie surmonte la r\u00e9sistance de l'\u00c9glise en France, les pr\u00e9jug\u00e9s sociaux, les malentendus et les d\u00e9fis ; elle est connue pour ne jamais reculer face aux obstacles.<\/p><p class=\"translation-block\">N\u00e9e en France de parents exil\u00e9s par les r\u00e9volutionnaires fran\u00e7ais elle grandit pendant les turbulences qui ont suivi. \u00c0 l\u2019\u00e2ge de 18 ans, elle entre \u00e0 Notre-Dame de Charit\u00e9 du Refuge, particuli\u00e8rement attir\u00e9e par la mission des soins aux jeunes filles et aux femmes en situation difficile. Pouss\u00e9e \u00e0 mieux r\u00e9pondre aux besoins \u00e9mergents d\u2019une soci\u00e9t\u00e9 en rapide \u00e9volution au XIXe si\u00e8cle, elle \u0153uvre avec audace \u00e0 la r\u00e9forme du gouvernement de la Congr\u00e9gation, permettant ainsi la cr\u00e9ation d\u2019un G\u00e9n\u00e9ralat. Etape douloureuse et significative car elle et nombre de ses s\u0153urs ont d\u00fb se s\u00e9parer de la Congr\u00e9gation fond\u00e9e par saint Jean Eudes pour int\u00e9grer la Congr\u00e9gation de Notre-Dame de Charit\u00e9 du Bon Pasteur. Aux c\u00f4t\u00e9s des s\u0153urs apostoliques, elle fonde des communaut\u00e9s de s\u0153urs contemplatives pour celles qui souhaitent vivre une vie enracin\u00e9e dans une profonde spiritualit\u00e9 et t\u00e9moignant des dimensions contemplatives de la vie.<\/p><p>Au moment de sa mort en 1868, elle avait fond\u00e9 110 couvents sur cinq continents. Elle a \u00e9t\u00e9 proclam\u00e9e sainte par le pape Pie XII en 1940. Son jour de f\u00eate est le 24 avril.<\/p>\t\t\t\t\t\t\t\t<\/div>\n\t\t\t\t<\/div>\n\t\t\t\t<div class=\"elementor-element elementor-element-01ed41c elementor-widget elementor-widget-button\" data-id=\"01ed41c\" data-element_type=\"widget\" data-e-type=\"widget\" data-widget_type=\"button.default\">\n\t\t\t\t<div class=\"elementor-widget-container\">\n\t\t\t\t\t\t\t\t\t<div class=\"elementor-button-wrapper\">\n\t\t\t\t\t<a class=\"elementor-button elementor-button-link elementor-size-xs\" href=\"https:\/\/www.olcgs.org\/fr\/our-saints-and-blessed\/st-mary-euphrasia\/\">\n\t\t\t\t\t\t<span class=\"elementor-button-content-wrapper\">\n\t\t\t\t\t\t\t\t\t<span class=\"elementor-button-text\">Lire l\u2019histoire compl\u00e8te<\/span>\n\t\t\t\t\t<\/span>\n\t\t\t\t\t<\/a>\n\t\t\t\t<\/div>\n\t\t\t\t\t\t\t\t<\/div>\n\t\t\t\t<\/div>\n\t\t\t\t\t<\/div>\n\t\t\t\t<\/div>\n\t\t\t\t\t<\/div>\n\t\t\t\t<\/div>\n\t\t<div class=\"elementor-element elementor-element-5689605 e-flex e-con-boxed e-con e-child\" data-id=\"5689605\" data-element_type=\"container\" data-e-type=\"container\" data-settings=\"{&quot;jet_parallax_layout_list&quot;:[]}\">\n\t\t\t\t\t<div class=\"e-con-inner\">\n\t\t\t\t\t<\/div>\n\t\t\t\t<\/div>\n\t\t\t\t<\/div>\n\t\t\t\t<\/div>\n\t\t<div id=\"e-n-tab-content-2130152383\" role=\"tabpanel\" aria-labelledby=\"e-n-tab-title-2130152383\" data-tab-index=\"3\" style=\"--n-tabs-title-order: 3;\" class=\"elementor-element elementor-element-9dcffd7 e-con-full e-flex e-con e-child\" data-id=\"9dcffd7\" data-element_type=\"container\" data-e-type=\"container\" data-settings=\"{&quot;jet_parallax_layout_list&quot;:[]}\">\n\t\t<div class=\"elementor-element elementor-element-67ce272 e-con-full e-flex e-con e-child\" data-id=\"67ce272\" data-element_type=\"container\" data-e-type=\"container\" data-settings=\"{&quot;jet_parallax_layout_list&quot;:[]}\">\n\t\t<div class=\"elementor-element elementor-element-10c2bfd e-flex e-con-boxed e-con e-child\" data-id=\"10c2bfd\" data-element_type=\"container\" data-e-type=\"container\" data-settings=\"{&quot;jet_parallax_layout_list&quot;:[]}\">\n\t\t\t\t\t<div class=\"e-con-inner\">\n\t\t<div class=\"elementor-element elementor-element-31b9668 e-con-full e-flex e-con e-child\" data-id=\"31b9668\" data-element_type=\"container\" data-e-type=\"container\" data-settings=\"{&quot;jet_parallax_layout_list&quot;:[]}\">\n\t\t\t\t<div class=\"elementor-element elementor-element-27ea820 elementor-widget elementor-widget-image\" data-id=\"27ea820\" data-element_type=\"widget\" data-e-type=\"widget\" data-widget_type=\"image.default\">\n\t\t\t\t<div class=\"elementor-widget-container\">\n\t\t\t\t\t\t\t\t\t\t\t\t\t\t\t<img decoding=\"async\" width=\"200\" height=\"252\" src=\"https:\/\/www.olcgs.org\/wp-content\/uploads\/2024\/02\/maria-droste.jpg\" class=\"attachment-large size-large wp-image-7345\" alt=\"\" srcset=\"https:\/\/www.olcgs.org\/wp-content\/uploads\/2024\/02\/maria-droste.jpg 200w, https:\/\/www.olcgs.org\/wp-content\/uploads\/2024\/02\/maria-droste-10x12.jpg 10w\" sizes=\"(max-width: 200px) 100vw, 200px\" \/>\t\t\t\t\t\t\t\t\t\t\t\t\t\t\t<\/div>\n\t\t\t\t<\/div>\n\t\t\t\t<\/div>\n\t\t<div class=\"elementor-element elementor-element-e545d9e e-flex e-con-boxed e-con e-child\" data-id=\"e545d9e\" data-element_type=\"container\" data-e-type=\"container\" data-settings=\"{&quot;jet_parallax_layout_list&quot;:[]}\">\n\t\t\t\t\t<div class=\"e-con-inner\">\n\t\t\t\t<div class=\"elementor-element elementor-element-77639d6 elementor-widget elementor-widget-heading\" data-id=\"77639d6\" data-element_type=\"widget\" data-e-type=\"widget\" data-widget_type=\"heading.default\">\n\t\t\t\t<div class=\"elementor-widget-container\">\n\t\t\t\t\t<h2 class=\"elementor-heading-title elementor-size-default\">Bienheureuse Maria Droste zu Vischering (1863 \u2013 1899)<\/h2>\t\t\t\t<\/div>\n\t\t\t\t<\/div>\n\t\t\t\t<div class=\"elementor-element elementor-element-3c534f5 elementor-widget-laptop__width-initial elementor-widget elementor-widget-text-editor\" data-id=\"3c534f5\" data-element_type=\"widget\" data-e-type=\"widget\" data-widget_type=\"text-editor.default\">\n\t\t\t\t<div class=\"elementor-widget-container\">\n\t\t\t\t\t\t\t\t\t<p>\u00c9galement connue sous le nom de Marie du Divin C\u0153ur, la bienheureuse Maria Droste zu Vischering est n\u00e9e le 8 septembre 1863 \u00e0 M\u00fcnster, en Allemagne, dans une riche famille aristocratique. Elle entre dans la Congr\u00e9gation Notre-Dame de Charit\u00e9 du Bon Pasteur le 21 novembre 1888.<\/p><p>Connue pour sa d\u00e9votion au Sacr\u00e9-C\u0153ur de J\u00e9sus et \u00e0 la Sainte Eucharistie, elle travaille avec ferveur pour diffuser cette d\u00e9votion et r\u00e9ussit \u00e0 influencer le pape L\u00e9on XIII pour qu'il consacre le monde au Sacr\u00e9-C\u0153ur.<\/p><p>Le 8 juin 1899, jour de la solennit\u00e9 du Tr\u00e8s Sacr\u00e9-C\u0153ur de J\u00e9sus, elle d\u00e9c\u00e8de au couvent du Bon Pasteur de Porto au Portugal. Son corps est exhum\u00e9 intact et un processus de canonisation engag\u00e9. Ses reliques sont expos\u00e9es dans l'\u00e9glise du Sacr\u00e9-C\u0153ur de J\u00e9sus \u00e0 Ermesinde, au Portugal. Certaines de ses reliques sont conserv\u00e9es au sanctuaire du Christ-Roi \u00e0 Almada, au Portugal.<\/p><p>Elle a \u00e9t\u00e9 b\u00e9atifi\u00e9e par le pape Paul VI le 1er novembre 1975, en reconnaissance de ses vertus et de sa saintet\u00e9 exceptionnelle.<\/p>\t\t\t\t\t\t\t\t<\/div>\n\t\t\t\t<\/div>\n\t\t\t\t<div class=\"elementor-element elementor-element-53b103c elementor-widget elementor-widget-button\" data-id=\"53b103c\" data-element_type=\"widget\" data-e-type=\"widget\" data-widget_type=\"button.default\">\n\t\t\t\t<div class=\"elementor-widget-container\">\n\t\t\t\t\t\t\t\t\t<div class=\"elementor-button-wrapper\">\n\t\t\t\t\t<a class=\"elementor-button elementor-button-link elementor-size-xs\" href=\"https:\/\/www.olcgs.org\/fr\/our-saints-and-blessed\/blessed-maria-droste\/\">\n\t\t\t\t\t\t<span class=\"elementor-button-content-wrapper\">\n\t\t\t\t\t\t\t\t\t<span class=\"elementor-button-text\">Lire l\u2019histoire compl\u00e8te<\/span>\n\t\t\t\t\t<\/span>\n\t\t\t\t\t<\/a>\n\t\t\t\t<\/div>\n\t\t\t\t\t\t\t\t<\/div>\n\t\t\t\t<\/div>\n\t\t\t\t\t<\/div>\n\t\t\t\t<\/div>\n\t\t\t\t\t<\/div>\n\t\t\t\t<\/div>\n\t\t<div class=\"elementor-element elementor-element-f584137 e-flex e-con-boxed e-con e-child\" data-id=\"f584137\" data-element_type=\"container\" data-e-type=\"container\" data-settings=\"{&quot;jet_parallax_layout_list&quot;:[]}\">\n\t\t\t\t\t<div class=\"e-con-inner\">\n\t\t\t\t\t<\/div>\n\t\t\t\t<\/div>\n\t\t\t\t<\/div>\n\t\t\t\t<\/div>\n\t\t<div id=\"e-n-tab-content-2130152384\" role=\"tabpanel\" aria-labelledby=\"e-n-tab-title-2130152384\" data-tab-index=\"4\" style=\"--n-tabs-title-order: 4;\" class=\"elementor-element elementor-element-a07d8c8 e-con-full e-flex e-con e-child\" data-id=\"a07d8c8\" data-element_type=\"container\" data-e-type=\"container\" data-settings=\"{&quot;jet_parallax_layout_list&quot;:[]}\">\n\t\t<div class=\"elementor-element elementor-element-9eeeac0 e-con-full e-flex e-con e-child\" data-id=\"9eeeac0\" data-element_type=\"container\" data-e-type=\"container\" data-settings=\"{&quot;jet_parallax_layout_list&quot;:[]}\">\n\t\t<div class=\"elementor-element elementor-element-24cabc3 e-flex e-con-boxed e-con e-child\" data-id=\"24cabc3\" data-element_type=\"container\" data-e-type=\"container\" data-settings=\"{&quot;jet_parallax_layout_list&quot;:[]}\">\n\t\t\t\t\t<div class=\"e-con-inner\">\n\t\t<div class=\"elementor-element elementor-element-1a86e54 e-con-full e-flex e-con e-child\" data-id=\"1a86e54\" data-element_type=\"container\" data-e-type=\"container\" data-settings=\"{&quot;jet_parallax_layout_list&quot;:[]}\">\n\t\t\t\t<div class=\"elementor-element elementor-element-37f7a41 elementor-widget elementor-widget-image\" data-id=\"37f7a41\" data-element_type=\"widget\" data-e-type=\"widget\" data-widget_type=\"image.default\">\n\t\t\t\t<div class=\"elementor-widget-container\">\n\t\t\t\t\t\t\t\t\t\t\t\t\t\t\t<img loading=\"lazy\" decoding=\"async\" width=\"374\" height=\"506\" src=\"https:\/\/www.olcgs.org\/wp-content\/uploads\/2024\/01\/Bl.-Marie-Therese-de-Soubiran.jpg\" class=\"attachment-large size-large wp-image-6633\" alt=\"\" srcset=\"https:\/\/www.olcgs.org\/wp-content\/uploads\/2024\/01\/Bl.-Marie-Therese-de-Soubiran.jpg 374w, https:\/\/www.olcgs.org\/wp-content\/uploads\/2024\/01\/Bl.-Marie-Therese-de-Soubiran-222x300.jpg 222w, https:\/\/www.olcgs.org\/wp-content\/uploads\/2024\/01\/Bl.-Marie-Therese-de-Soubiran-9x12.jpg 9w\" sizes=\"(max-width: 374px) 100vw, 374px\" \/>\t\t\t\t\t\t\t\t\t\t\t\t\t\t\t<\/div>\n\t\t\t\t<\/div>\n\t\t\t\t<\/div>\n\t\t<div class=\"elementor-element elementor-element-6694509 e-flex e-con-boxed e-con e-child\" data-id=\"6694509\" data-element_type=\"container\" data-e-type=\"container\" data-settings=\"{&quot;jet_parallax_layout_list&quot;:[]}\">\n\t\t\t\t\t<div class=\"e-con-inner\">\n\t\t\t\t<div class=\"elementor-element elementor-element-4bebf83 elementor-widget elementor-widget-heading\" data-id=\"4bebf83\" data-element_type=\"widget\" data-e-type=\"widget\" data-widget_type=\"heading.default\">\n\t\t\t\t<div class=\"elementor-widget-container\">\n\t\t\t\t\t<h2 class=\"elementor-heading-title elementor-size-default\">Bienheureuse Marie Th\u00e9r\u00e8se de Soubiran (1834-1889)<\/h2>\t\t\t\t<\/div>\n\t\t\t\t<\/div>\n\t\t\t\t<div class=\"elementor-element elementor-element-e282a19 elementor-widget-laptop__width-initial elementor-widget elementor-widget-text-editor\" data-id=\"e282a19\" data-element_type=\"widget\" data-e-type=\"widget\" data-widget_type=\"text-editor.default\">\n\t\t\t\t<div class=\"elementor-widget-container\">\n\t\t\t\t\t\t\t\t\t<p>La bienheureuse Marie-Th\u00e9r\u00e8se de Soubiran est la fondatrice de la Congr\u00e9gation des S\u0153urs de Marie-Auxiliatrice, qui visait \u00e0 r\u00e9pondre aux besoins de l'\u00e9poque en mettant l'accent sur l'\u00e9ducation, la sant\u00e9 et les \u0153uvres caritatives. Une femme est rest\u00e9e ferme dans sa mission, malgr\u00e9 les difficult\u00e9s rencontr\u00e9es, notamment l'opposition et les difficult\u00e9s financi\u00e8res.<\/p><p class=\"translation-block\">Elle a v\u00e9cu une p\u00e9riode marqu\u00e9e par les d\u00e9fis sociaux et \u00e9conomiques en France au milieu du XIXe si\u00e8cle. Accus\u00e9e \u00e0 tort de mauvaise gestion financi\u00e8re, elle est contrainte d\u2019abandonner la congr\u00e9gation qu\u2019elle avait fond\u00e9e. En 1874, elle est accueillie chez les S\u0153urs de Notre-Dame de Charit\u00e9 \u00e0 Paris.<\/p><p>Elle d\u00e9c\u00e8de le 7 juin 1889 et est b\u00e9atifi\u00e9e le 20 octobre 1946, apr\u00e8s que deux miracles aient \u00e9t\u00e9 attribu\u00e9s \u00e0 son intercession. Son jour de f\u00eate est le 7 juin.<\/p>\t\t\t\t\t\t\t\t<\/div>\n\t\t\t\t<\/div>\n\t\t\t\t<div class=\"elementor-element elementor-element-3e88ab2 elementor-widget elementor-widget-button\" data-id=\"3e88ab2\" data-element_type=\"widget\" data-e-type=\"widget\" data-widget_type=\"button.default\">\n\t\t\t\t<div class=\"elementor-widget-container\">\n\t\t\t\t\t\t\t\t\t<div class=\"elementor-button-wrapper\">\n\t\t\t\t\t<a class=\"elementor-button elementor-button-link elementor-size-xs\" href=\"https:\/\/www.olcgs.org\/fr\/our-saints-and-blessed\/marietherese_de_soubiran\/\">\n\t\t\t\t\t\t<span class=\"elementor-button-content-wrapper\">\n\t\t\t\t\t\t\t\t\t<span class=\"elementor-button-text\">Lire l\u2019histoire compl\u00e8te<\/span>\n\t\t\t\t\t<\/span>\n\t\t\t\t\t<\/a>\n\t\t\t\t<\/div>\n\t\t\t\t\t\t\t\t<\/div>\n\t\t\t\t<\/div>\n\t\t\t\t\t<\/div>\n\t\t\t\t<\/div>\n\t\t\t\t\t<\/div>\n\t\t\t\t<\/div>\n\t\t<div class=\"elementor-element elementor-element-aa0726e e-flex e-con-boxed e-con e-child\" data-id=\"aa0726e\" data-element_type=\"container\" data-e-type=\"container\" data-settings=\"{&quot;jet_parallax_layout_list&quot;:[]}\">\n\t\t\t\t\t<div class=\"e-con-inner\">\n\t\t\t\t\t<\/div>\n\t\t\t\t<\/div>\n\t\t\t\t<\/div>\n\t\t\t\t<\/div>\n\t\t<div id=\"e-n-tab-content-2130152385\" role=\"tabpanel\" aria-labelledby=\"e-n-tab-title-2130152385\" data-tab-index=\"5\" style=\"--n-tabs-title-order: 5;\" class=\"elementor-element elementor-element-c775396 e-con-full e-flex e-con e-child\" data-id=\"c775396\" data-element_type=\"container\" data-e-type=\"container\" data-settings=\"{&quot;jet_parallax_layout_list&quot;:[]}\">\n\t\t<div class=\"elementor-element elementor-element-ff1a2cc e-con-full e-flex e-con e-child\" data-id=\"ff1a2cc\" data-element_type=\"container\" data-e-type=\"container\" data-settings=\"{&quot;jet_parallax_layout_list&quot;:[]}\">\n\t\t<div class=\"elementor-element elementor-element-c26c37f e-flex e-con-boxed e-con e-child\" data-id=\"c26c37f\" data-element_type=\"container\" data-e-type=\"container\" data-settings=\"{&quot;jet_parallax_layout_list&quot;:[]}\">\n\t\t\t\t\t<div class=\"e-con-inner\">\n\t\t<div class=\"elementor-element elementor-element-87b0897 e-con-full e-flex e-con e-child\" data-id=\"87b0897\" data-element_type=\"container\" data-e-type=\"container\" data-settings=\"{&quot;jet_parallax_layout_list&quot;:[]}\">\n\t\t\t\t<div class=\"elementor-element elementor-element-7c17ac7 elementor-widget elementor-widget-image\" data-id=\"7c17ac7\" data-element_type=\"widget\" data-e-type=\"widget\" data-widget_type=\"image.default\">\n\t\t\t\t<div class=\"elementor-widget-container\">\n\t\t\t\t\t\t\t\t\t\t\t\t\t\t\t<img loading=\"lazy\" decoding=\"async\" width=\"558\" height=\"863\" src=\"https:\/\/www.olcgs.org\/wp-content\/uploads\/2024\/01\/Aguchita-One1.png\" class=\"attachment-large size-large wp-image-6625\" alt=\"\" srcset=\"https:\/\/www.olcgs.org\/wp-content\/uploads\/2024\/01\/Aguchita-One1.png 558w, https:\/\/www.olcgs.org\/wp-content\/uploads\/2024\/01\/Aguchita-One1-194x300.png 194w, https:\/\/www.olcgs.org\/wp-content\/uploads\/2024\/01\/Aguchita-One1-8x12.png 8w\" sizes=\"(max-width: 558px) 100vw, 558px\" \/>\t\t\t\t\t\t\t\t\t\t\t\t\t\t\t<\/div>\n\t\t\t\t<\/div>\n\t\t\t\t<\/div>\n\t\t<div class=\"elementor-element elementor-element-7010631 e-flex e-con-boxed e-con e-child\" data-id=\"7010631\" data-element_type=\"container\" data-e-type=\"container\" data-settings=\"{&quot;jet_parallax_layout_list&quot;:[]}\">\n\t\t\t\t\t<div class=\"e-con-inner\">\n\t\t\t\t<div class=\"elementor-element elementor-element-13dad03 elementor-widget elementor-widget-heading\" data-id=\"13dad03\" data-element_type=\"widget\" data-e-type=\"widget\" data-widget_type=\"heading.default\">\n\t\t\t\t<div class=\"elementor-widget-container\">\n\t\t\t\t\t<h2 class=\"elementor-heading-title elementor-size-default\">Bienheureuse Mar\u00eda Agustina Rivas L\u00f3pez (1920 \u2013 1990)<\/h2>\t\t\t\t<\/div>\n\t\t\t\t<\/div>\n\t\t\t\t<div class=\"elementor-element elementor-element-644d480 elementor-widget-laptop__width-initial elementor-widget elementor-widget-text-editor\" data-id=\"644d480\" data-element_type=\"widget\" data-e-type=\"widget\" data-widget_type=\"text-editor.default\">\n\t\t\t\t<div class=\"elementor-widget-container\">\n\t\t\t\t\t\t\t\t\t<p>Antonia Luzmila Rivas L\u00f3pez, n\u00e9e le 13 juin 1920 et connue dans la vie religieuse sous le nom de Mar\u00eda Agustina ou \u00ab Aguchita \u00bb, est une s\u0153ur p\u00e9ruvienne des S\u0153urs de Notre-Dame de Charit\u00e9 du Bon Pasteur. Elle poursuit ses \u00e9tudes \u00e0 Lima avant de se consacrer \u00e0 la vie religieuse en pronon\u00e7ant ses v\u0153ux perp\u00e9tuels en 1949.<\/p><p>Aguchita a travaill\u00e9 comme enseignante aupr\u00e8s des enfants et a jou\u00e9 un r\u00f4le actif dans la prise en charge et l'\u00e9ducation des communaut\u00e9s autochtones et des femmes pauvres. Au cours de sa vie, le mouvement du Sentier lumineux, un groupe d'orientation communiste, gagnait en force et constituait une menace pour les communaut\u00e9s religieuses locales.<\/p><p>Le 27 septembre 1990, elle a \u00e9t\u00e9 assassin\u00e9e par le Sentier Lumineux alors qu'elle accomplissait sa mission pastorale dans la ville de La Florida, au P\u00e9rou.<\/p><p>Le processus de b\u00e9atification a commenc\u00e9 au P\u00e9rou en 2017, menant \u00e0 sa b\u00e9atification \u00e0 La Florida, au P\u00e9rou, le 7 mai 2022, apr\u00e8s que le pape Fran\u00e7ois ait d\u00e9termin\u00e9 que son assassinat \u00e9tait motiv\u00e9 par \u00ab odium fidei \u00bb (haine de la foi) et donn\u00e9 sa b\u00e9n\u00e9diction pour sa b\u00e9atification.<\/p>\t\t\t\t\t\t\t\t<\/div>\n\t\t\t\t<\/div>\n\t\t\t\t<div class=\"elementor-element elementor-element-f8db7fc elementor-widget elementor-widget-button\" data-id=\"f8db7fc\" data-element_type=\"widget\" data-e-type=\"widget\" data-widget_type=\"button.default\">\n\t\t\t\t<div class=\"elementor-widget-container\">\n\t\t\t\t\t\t\t\t\t<div class=\"elementor-button-wrapper\">\n\t\t\t\t\t<a class=\"elementor-button elementor-button-link elementor-size-xs\" href=\"https:\/\/www.olcgs.org\/fr\/our-saints-and-blessed\/aguchita\/\">\n\t\t\t\t\t\t<span class=\"elementor-button-content-wrapper\">\n\t\t\t\t\t\t\t\t\t<span class=\"elementor-button-text\">Lire l\u2019histoire compl\u00e8te<\/span>\n\t\t\t\t\t<\/span>\n\t\t\t\t\t<\/a>\n\t\t\t\t<\/div>\n\t\t\t\t\t\t\t\t<\/div>\n\t\t\t\t<\/div>\n\t\t\t\t\t<\/div>\n\t\t\t\t<\/div>\n\t\t\t\t\t<\/div>\n\t\t\t\t<\/div>\n\t\t<div class=\"elementor-element elementor-element-89db21f e-flex e-con-boxed e-con e-child\" data-id=\"89db21f\" data-element_type=\"container\" data-e-type=\"container\" data-settings=\"{&quot;jet_parallax_layout_list&quot;:[]}\">\n\t\t\t\t\t<div class=\"e-con-inner\">\n\t\t\t\t\t<\/div>\n\t\t\t\t<\/div>\n\t\t\t\t<\/div>\n\t\t\t\t<\/div>\n\t\t\t\t\t<\/div>\n\t\t<\/div>\n\t\t\t\t\t\t<\/div>\n\t\t\t\t<\/div>\n\t\t\t\t\t<\/div>\n\t\t\t\t<\/div>\n\t\t\t\t<\/div>","protected":false},"excerpt":{"rendered":"<p>Inspirational Lives Home Lives of virtue and compassion Impelled by love and compassion to take action and respond to critical issues and the realities around them, these women and men served to be the compassionate face of God to many. St. John Eudes St. Mary Euphrasia Pellettier Bl. Maria Droste Bl. Marie Th\u00e9r\u00e8se de Soubiran [&hellip;]<\/p>\n","protected":false},"author":1,"featured_media":0,"parent":0,"menu_order":0,"comment_status":"closed","ping_status":"closed","template":"elementor_header_footer","meta":{"footnotes":""},"class_list":["post-3168","page","type-page","status-publish","hentry"],"_links":{"self":[{"href":"https:\/\/www.olcgs.org\/fr\/wp-json\/wp\/v2\/pages\/3168","targetHints":{"allow":["GET"]}}],"collection":[{"href":"https:\/\/www.olcgs.org\/fr\/wp-json\/wp\/v2\/pages"}],"about":[{"href":"https:\/\/www.olcgs.org\/fr\/wp-json\/wp\/v2\/types\/page"}],"author":[{"embeddable":true,"href":"https:\/\/www.olcgs.org\/fr\/wp-json\/wp\/v2\/users\/1"}],"replies":[{"embeddable":true,"href":"https:\/\/www.olcgs.org\/fr\/wp-json\/wp\/v2\/comments?post=3168"}],"version-history":[{"count":109,"href":"https:\/\/www.olcgs.org\/fr\/wp-json\/wp\/v2\/pages\/3168\/revisions"}],"predecessor-version":[{"id":8795,"href":"https:\/\/www.olcgs.org\/fr\/wp-json\/wp\/v2\/pages\/3168\/revisions\/8795"}],"wp:attachment":[{"href":"https:\/\/www.olcgs.org\/fr\/wp-json\/wp\/v2\/media?parent=3168"}],"curies":[{"name":"wp","href":"https:\/\/api.w.org\/{rel}","templated":true}]}}