{"id":5747,"date":"2024-01-11T18:57:56","date_gmt":"2024-01-11T17:57:56","guid":{"rendered":"https:\/\/www.olcgs.org\/?page_id=5747"},"modified":"2024-04-06T13:01:55","modified_gmt":"2024-04-06T11:01:55","slug":"aguchita","status":"publish","type":"page","link":"https:\/\/www.olcgs.org\/fr\/our-saints-and-blessed\/aguchita\/","title":{"rendered":"Aguchita"},"content":{"rendered":"<div data-elementor-type=\"wp-page\" data-elementor-id=\"5747\" class=\"elementor elementor-5747\" data-elementor-post-type=\"page\">\n\t\t\t\t<div class=\"elementor-element elementor-element-91dbb51 e-flex e-con-boxed e-con e-parent\" data-id=\"91dbb51\" data-element_type=\"container\" data-e-type=\"container\" data-settings=\"{&quot;jet_parallax_layout_list&quot;:[],&quot;background_background&quot;:&quot;classic&quot;}\">\n\t\t\t\t\t<div class=\"e-con-inner\">\n\t\t\t\t<div class=\"elementor-element elementor-element-cdd2c86 elementor-invisible elementor-widget elementor-widget-heading\" data-id=\"cdd2c86\" data-element_type=\"widget\" data-e-type=\"widget\" data-settings=\"{&quot;_animation&quot;:&quot;fadeInDown&quot;}\" data-widget_type=\"heading.default\">\n\t\t\t\t<div class=\"elementor-widget-container\">\n\t\t\t\t\t<h2 class=\"elementor-heading-title elementor-size-default\">Bienheureuse Aguchita<\/h2>\t\t\t\t<\/div>\n\t\t\t\t<\/div>\n\t\t\t\t<div class=\"elementor-element elementor-element-19bf56e elementor-invisible elementor-widget elementor-widget-jet-breadcrumbs\" data-id=\"19bf56e\" data-element_type=\"widget\" data-e-type=\"widget\" data-settings=\"{&quot;_animation&quot;:&quot;fadeIn&quot;,&quot;_animation_delay&quot;:900}\" data-widget_type=\"jet-breadcrumbs.default\">\n\t\t\t\t<div class=\"elementor-widget-container\">\n\t\t\t\t\t<div class=\"elementor-jet-breadcrumbs jet-blocks\">\n\t\t<div class=\"jet-breadcrumbs\">\n\t\t<div class=\"jet-breadcrumbs__content\">\n\t\t<div class=\"jet-breadcrumbs__wrap\"><div class=\"jet-breadcrumbs__item\"><a href=\"https:\/\/www.olcgs.org\/fr\/\" class=\"jet-breadcrumbs__item-link is-home\" rel=\"home\" title=\"Accueil\">Accueil<\/a><\/div>\n\t\t<\/div>\n\t\t<\/div>\n\t\t<\/div><\/div>\t\t\t\t<\/div>\n\t\t\t\t<\/div>\n\t\t\t\t\t<\/div>\n\t\t\t\t<\/div>\n\t\t<div class=\"elementor-element elementor-element-080b405 e-flex e-con-boxed elementor-invisible e-con e-parent\" data-id=\"080b405\" data-element_type=\"container\" data-e-type=\"container\" data-settings=\"{&quot;jet_parallax_layout_list&quot;:[],&quot;animation&quot;:&quot;fadeInUp&quot;}\">\n\t\t\t\t\t<div class=\"e-con-inner\">\n\t\t<div class=\"elementor-element elementor-element-f7a5aac e-con-full e-flex e-con e-child\" data-id=\"f7a5aac\" data-element_type=\"container\" data-e-type=\"container\" data-settings=\"{&quot;jet_parallax_layout_list&quot;:[]}\">\n\t\t\t\t<div class=\"elementor-element elementor-element-8740d41 elementor-widget elementor-widget-heading\" data-id=\"8740d41\" data-element_type=\"widget\" data-e-type=\"widget\" data-widget_type=\"heading.default\">\n\t\t\t\t<div class=\"elementor-widget-container\">\n\t\t\t\t\t<h2 class=\"elementor-heading-title elementor-size-default\">Une martyre de la mis\u00e9ricorde<\/h2>\t\t\t\t<\/div>\n\t\t\t\t<\/div>\n\t\t\t\t<div class=\"elementor-element elementor-element-9f724f3 elementor-widget elementor-widget-text-editor\" data-id=\"9f724f3\" data-element_type=\"widget\" data-e-type=\"widget\" data-widget_type=\"text-editor.default\">\n\t\t\t\t<div class=\"elementor-widget-container\">\n\t\t\t\t\t\t\t\t\t<div class=\"page\" title=\"Page 3\"><div class=\"section\"><div class=\"layoutArea\"><div class=\"column\"><p>Antonia Luzmila Rivas L\u00f3pez, affectueusement connue en vie religieuse sous le nom d\u2019\u00ab Aguchita \u00bb, est n\u00e9e le 13 juin 1920 \u00e0 Coracora, au P\u00e9rou. \u00c0 l'\u00e2ge de 14 ans, elle s'installe \u00e0 Lima pour \u00e9tudier au Coll\u00e8ge de S\u00e9ville, dirig\u00e9 par les S\u0153urs de Notre-Dame de Charit\u00e9 du Bon Pasteur. Attir\u00e9e par la mission des s\u0153urs, elle entre dans la Congr\u00e9gation en 1941, o\u00f9 elle prononce ses v\u0153ux temporaires le 8 f\u00e9vrier 1945 et sa profession perp\u00e9tuelle le 8 f\u00e9vrier 1949.<\/p><p>Elle a v\u00e9cu \u00e0 Lima jusqu'en 1988, effectuant divers services, notamment l'enseignement, \u00e0 l'\u00e9cole Notre-Dame de Charit\u00e9 du Bon Pasteur, et le travail avec des enfants sans abri et abandonn\u00e9s \u00e0 risque.<\/p><p>Tout au long de sa vie, Aguchita a r\u00eav\u00e9 de servir les habitants de la jungle amazonienne et a finalement r\u00e9alis\u00e9 ce r\u00eave lorsqu'elle a \u00e9t\u00e9 envoy\u00e9e \u00e0 La Florida. Ici, la Congr\u00e9gation g\u00e8re une mission avec un accent particulier sur le soutien aux femmes du village et aux communaut\u00e9s autochtones. Cependant, \u00e0 la fin des ann\u00e9es 1980, la violence s\u2019est r\u00e9pandue dans la r\u00e9gion centrale de l\u2019Amazonie p\u00e9ruvienne, aux mains des gu\u00e9rilleros du Sendero Luminoso (Sentier lumineux). Malgr\u00e9 le danger croissant, la Congr\u00e9gation a maintenu sa pr\u00e9sence par sa mission de r\u00e9alisation de programmes de sant\u00e9, d'\u00e9ducation, de nutrition, d'alphab\u00e9tisation, d'artisanat et de cat\u00e9ch\u00e8se familiale.<\/p><p>Au d\u00e9but, les habitants de La Florida ont soutenu les terroristes, dans l'espoir d'une am\u00e9lioration des conditions de vie, mais ils ont rapidement pris leurs distances en raison de la violence et du climat de terreur qui s'\u00e9tait instaur\u00e9. Aguchita accomplit sa mission dans le village et voit dans cette nouvelle mission une opportunit\u00e9 suppl\u00e9mentaire d'\u00eatre avec les pauvres.<\/p><p>Elle est d\u00e9termin\u00e9e \u00e0 rester proche de la population locale. Tragiquement, le 27 septembre 1990, un groupe arm\u00e9 du Sentier lumineux attaque La Florida, capture une partie de la population locale et les emm\u00e8ne sur la place principale. N'ayant pas trouv\u00e9 la sup\u00e9rieure de la communaut\u00e9, les rebelles ont retenu Aguchita captive et l'ont emmen\u00e9e sur la place principale avec les autres o\u00f9 ils les ont abattus.<\/p><p>L'accusation port\u00e9e contre elle par les rebelles \u00e9tait qu'elle \u00e9tait un artisan de paix qui, par ses \u0153uvres caritatives et son activit\u00e9 \u00e9ducative, avait d\u00e9tourn\u00e9 les jeunes de l'insurrection arm\u00e9e. Par peur, les corps d'Aguchita et des autres victimes sont rest\u00e9s sur la place toute la nuit et ont \u00e9t\u00e9 enterr\u00e9s le lendemain.<\/p><p>En 2018, la Congr\u00e9gation a transf\u00e9r\u00e9 sa d\u00e9pouille de Lima \u00e0 La Florida o\u00f9 elle avait dit vouloir toujours rester, m\u00eame apr\u00e8s sa mort. Les c\u00e9r\u00e9monies solennelles, respectueuses et \u00e9mouvantes, se sont d\u00e9roul\u00e9es en pr\u00e9sence de plusieurs centaines de personnes des environs.<\/p><p>Elle a \u00e9t\u00e9 b\u00e9atifi\u00e9e \u00e0 La Florida, au P\u00e9rou, le 7 mai 2022.<\/p><\/div><\/div><\/div><\/div>\t\t\t\t\t\t\t\t<\/div>\n\t\t\t\t<\/div>\n\t\t\t\t<\/div>\n\t\t<div class=\"elementor-element elementor-element-81df597 e-con-full e-flex e-con e-child\" data-id=\"81df597\" data-element_type=\"container\" data-e-type=\"container\" data-settings=\"{&quot;jet_parallax_layout_list&quot;:[]}\">\n\t\t\t\t<div class=\"elementor-element elementor-element-d3b5568 elementor-widget elementor-widget-image\" data-id=\"d3b5568\" data-element_type=\"widget\" data-e-type=\"widget\" data-widget_type=\"image.default\">\n\t\t\t\t<div class=\"elementor-widget-container\">\n\t\t\t\t\t\t\t\t\t\t\t\t\t\t\t<img fetchpriority=\"high\" decoding=\"async\" width=\"580\" height=\"330\" src=\"https:\/\/www.olcgs.org\/wp-content\/uploads\/2024\/01\/Aguchita-Two.jpg\" class=\"attachment-large size-large wp-image-6597\" alt=\"\" srcset=\"https:\/\/www.olcgs.org\/wp-content\/uploads\/2024\/01\/Aguchita-Two.jpg 580w, https:\/\/www.olcgs.org\/wp-content\/uploads\/2024\/01\/Aguchita-Two-300x171.jpg 300w, https:\/\/www.olcgs.org\/wp-content\/uploads\/2024\/01\/Aguchita-Two-18x10.jpg 18w\" sizes=\"(max-width: 580px) 100vw, 580px\" \/>\t\t\t\t\t\t\t\t\t\t\t\t\t\t\t<\/div>\n\t\t\t\t<\/div>\n\t\t\t\t<\/div>\n\t\t\t\t\t<\/div>\n\t\t\t\t<\/div>\n\t\t\t\t<\/div>","protected":false},"excerpt":{"rendered":"<p>Blessed Aguchita Home A martyr of mercy Antonia Luzmila Rivas L\u00f3pez, known affectionately in religious life as \u2018Aguchita\u2019, was born on June 13, 1920, in Coracora, Peru. At the age of 14, she moved to Lima to study at Sevilla College, run by the Sisters of Our Lady of Charity of the Good Shepherd. Attracted [&hellip;]<\/p>\n","protected":false},"author":1,"featured_media":0,"parent":3168,"menu_order":0,"comment_status":"closed","ping_status":"closed","template":"elementor_header_footer","meta":{"footnotes":""},"class_list":["post-5747","page","type-page","status-publish","hentry"],"_links":{"self":[{"href":"https:\/\/www.olcgs.org\/fr\/wp-json\/wp\/v2\/pages\/5747","targetHints":{"allow":["GET"]}}],"collection":[{"href":"https:\/\/www.olcgs.org\/fr\/wp-json\/wp\/v2\/pages"}],"about":[{"href":"https:\/\/www.olcgs.org\/fr\/wp-json\/wp\/v2\/types\/page"}],"author":[{"embeddable":true,"href":"https:\/\/www.olcgs.org\/fr\/wp-json\/wp\/v2\/users\/1"}],"replies":[{"embeddable":true,"href":"https:\/\/www.olcgs.org\/fr\/wp-json\/wp\/v2\/comments?post=5747"}],"version-history":[{"count":26,"href":"https:\/\/www.olcgs.org\/fr\/wp-json\/wp\/v2\/pages\/5747\/revisions"}],"predecessor-version":[{"id":7614,"href":"https:\/\/www.olcgs.org\/fr\/wp-json\/wp\/v2\/pages\/5747\/revisions\/7614"}],"up":[{"embeddable":true,"href":"https:\/\/www.olcgs.org\/fr\/wp-json\/wp\/v2\/pages\/3168"}],"wp:attachment":[{"href":"https:\/\/www.olcgs.org\/fr\/wp-json\/wp\/v2\/media?parent=5747"}],"curies":[{"name":"wp","href":"https:\/\/api.w.org\/{rel}","templated":true}]}}